{"id":1482,"date":"2026-04-21T18:56:25","date_gmt":"2026-04-21T16:56:25","guid":{"rendered":"https:\/\/www.pampa-auvergne.fr\/?page_id=1482"},"modified":"2026-04-22T11:41:45","modified_gmt":"2026-04-22T09:41:45","slug":"lagenda-du-reemploi","status":"publish","type":"page","link":"https:\/\/www.pampa-auvergne.fr\/?page_id=1482","title":{"rendered":"L&rsquo;agenda du r\u00e9emploi"},"content":{"rendered":"[vc_row type=\u00a0\u00bbfull_width_background\u00a0\u00bb full_screen_row_position=\u00a0\u00bbmiddle\u00a0\u00bb column_margin=\u00a0\u00bbnone\u00a0\u00bb column_direction=\u00a0\u00bbdefault\u00a0\u00bb column_direction_tablet=\u00a0\u00bbdefault\u00a0\u00bb column_direction_phone=\u00a0\u00bbdefault\u00a0\u00bb bg_color=\u00a0\u00bb#91baa2&Prime; bg_image=\u00a0\u00bb85&Prime; bg_position=\u00a0\u00bbcustom\u00a0\u00bb bg_position_x=\u00a0\u00bb\u00a0\u00bb bg_position_y=\u00a0\u00bb40&Prime; background_image_loading=\u00a0\u00bbdefault\u00a0\u00bb bg_repeat=\u00a0\u00bbno-repeat\u00a0\u00bb scene_position=\u00a0\u00bbcenter\u00a0\u00bb text_color=\u00a0\u00bbdark\u00a0\u00bb text_align=\u00a0\u00bbleft\u00a0\u00bb row_border_radius=\u00a0\u00bbnone\u00a0\u00bb row_border_radius_applies=\u00a0\u00bbbg\u00a0\u00bb overflow=\u00a0\u00bbvisible\u00a0\u00bb overlay_strength=\u00a0\u00bb0.3&Prime; gradient_direction=\u00a0\u00bbleft_to_right\u00a0\u00bb shape_divider_position=\u00a0\u00bbbottom\u00a0\u00bb bg_image_animation=\u00a0\u00bbnone\u00a0\u00bb gradient_type=\u00a0\u00bbdefault\u00a0\u00bb shape_type=\u00a0\u00bb\u00a0\u00bb][vc_column top_padding_desktop=\u00a0\u00bb150&Prime; constrain_group_100=\u00a0\u00bbyes\u00a0\u00bb bottom_padding_desktop=\u00a0\u00bb150&Prime; column_element_direction_desktop=\u00a0\u00bbdefault\u00a0\u00bb column_element_spacing=\u00a0\u00bbdefault\u00a0\u00bb desktop_text_alignment=\u00a0\u00bbdefault\u00a0\u00bb tablet_text_alignment=\u00a0\u00bbdefault\u00a0\u00bb phone_text_alignment=\u00a0\u00bbdefault\u00a0\u00bb background_color_opacity=\u00a0\u00bb1&Prime; background_hover_color_opacity=\u00a0\u00bb1&Prime; column_backdrop_filter=\u00a0\u00bbnone\u00a0\u00bb column_shadow=\u00a0\u00bbnone\u00a0\u00bb column_border_radius=\u00a0\u00bbnone\u00a0\u00bb column_link_target=\u00a0\u00bb_self\u00a0\u00bb column_position=\u00a0\u00bbdefault\u00a0\u00bb gradient_direction=\u00a0\u00bbleft_to_right\u00a0\u00bb overlay_strength=\u00a0\u00bb0.3&Prime; width=\u00a0\u00bb1\/1&Prime; tablet_width_inherit=\u00a0\u00bbdefault\u00a0\u00bb animation_type=\u00a0\u00bbdefault\u00a0\u00bb bg_image_animation=\u00a0\u00bbnone\u00a0\u00bb border_type=\u00a0\u00bbsimple\u00a0\u00bb column_border_width=\u00a0\u00bbnone\u00a0\u00bb column_border_style=\u00a0\u00bbsolid\u00a0\u00bb column_padding_type=\u00a0\u00bbadvanced\u00a0\u00bb gradient_type=\u00a0\u00bbdefault\u00a0\u00bb][split_line_heading animation_type=\u00a0\u00bbline-reveal-by-space\u00a0\u00bb font_style=\u00a0\u00bbh1&Prime; text_color=\u00a0\u00bb#ffffff\u00a0\u00bb line_reveal_by_space_text_effect=\u00a0\u00bbdefault\u00a0\u00bb content_alignment=\u00a0\u00bbcenter\u00a0\u00bb mobile_content_alignment=\u00a0\u00bbinherit\u00a0\u00bb link_target=\u00a0\u00bb_self\u00a0\u00bb text_content=\u00a0\u00bbL&rsquo;agenda du r\u00e9emploi\u00a0\u00bb font_size=\u00a0\u00bb50&Prime;][\/split_line_heading][divider line_type=\u00a0\u00bbNo Line\u00a0\u00bb][\/vc_column][\/vc_row][vc_row type=\u00a0\u00bbin_container\u00a0\u00bb full_screen_row_position=\u00a0\u00bbmiddle\u00a0\u00bb column_margin=\u00a0\u00bbdefault\u00a0\u00bb column_direction=\u00a0\u00bbdefault\u00a0\u00bb column_direction_tablet=\u00a0\u00bbdefault\u00a0\u00bb column_direction_phone=\u00a0\u00bbdefault\u00a0\u00bb scene_position=\u00a0\u00bbcenter\u00a0\u00bb text_color=\u00a0\u00bbdark\u00a0\u00bb text_align=\u00a0\u00bbleft\u00a0\u00bb row_border_radius=\u00a0\u00bbnone\u00a0\u00bb row_border_radius_applies=\u00a0\u00bbbg\u00a0\u00bb overflow=\u00a0\u00bbvisible\u00a0\u00bb overlay_strength=\u00a0\u00bb0.3&Prime; gradient_direction=\u00a0\u00bbleft_to_right\u00a0\u00bb shape_divider_position=\u00a0\u00bbbottom\u00a0\u00bb bg_image_animation=\u00a0\u00bbnone\u00a0\u00bb][vc_column column_padding=\u00a0\u00bbno-extra-padding\u00a0\u00bb column_padding_tablet=\u00a0\u00bbinherit\u00a0\u00bb column_padding_phone=\u00a0\u00bbinherit\u00a0\u00bb column_padding_position=\u00a0\u00bball\u00a0\u00bb column_element_direction_desktop=\u00a0\u00bbdefault\u00a0\u00bb column_element_spacing=\u00a0\u00bbdefault\u00a0\u00bb desktop_text_alignment=\u00a0\u00bbdefault\u00a0\u00bb tablet_text_alignment=\u00a0\u00bbdefault\u00a0\u00bb phone_text_alignment=\u00a0\u00bbdefault\u00a0\u00bb background_color_opacity=\u00a0\u00bb1&Prime; background_hover_color_opacity=\u00a0\u00bb1&Prime; column_backdrop_filter=\u00a0\u00bbnone\u00a0\u00bb column_shadow=\u00a0\u00bbnone\u00a0\u00bb column_border_radius=\u00a0\u00bbnone\u00a0\u00bb column_link_target=\u00a0\u00bb_self\u00a0\u00bb column_position=\u00a0\u00bbdefault\u00a0\u00bb gradient_direction=\u00a0\u00bbleft_to_right\u00a0\u00bb overlay_strength=\u00a0\u00bb0.3&Prime; width=\u00a0\u00bb1\/1&Prime; tablet_width_inherit=\u00a0\u00bbdefault\u00a0\u00bb animation_type=\u00a0\u00bbdefault\u00a0\u00bb bg_image_animation=\u00a0\u00bbnone\u00a0\u00bb border_type=\u00a0\u00bbsimple\u00a0\u00bb column_border_width=\u00a0\u00bbnone\u00a0\u00bb column_border_style=\u00a0\u00bbsolid\u00a0\u00bb][vc_column_text]&nbsp;<\/p>\n<p>&nbsp;[\/vc_column_text][\/vc_column][\/vc_row][vc_row type=\u00a0\u00bbin_container\u00a0\u00bb full_screen_row_position=\u00a0\u00bbmiddle\u00a0\u00bb column_margin=\u00a0\u00bbdefault\u00a0\u00bb column_direction=\u00a0\u00bbdefault\u00a0\u00bb column_direction_tablet=\u00a0\u00bbdefault\u00a0\u00bb column_direction_phone=\u00a0\u00bbdefault\u00a0\u00bb scene_position=\u00a0\u00bbcenter\u00a0\u00bb text_color=\u00a0\u00bbdark\u00a0\u00bb text_align=\u00a0\u00bbleft\u00a0\u00bb row_border_radius=\u00a0\u00bbnone\u00a0\u00bb row_border_radius_applies=\u00a0\u00bbbg\u00a0\u00bb overflow=\u00a0\u00bbvisible\u00a0\u00bb overlay_strength=\u00a0\u00bb0.3&Prime; gradient_direction=\u00a0\u00bbleft_to_right\u00a0\u00bb shape_divider_position=\u00a0\u00bbbottom\u00a0\u00bb bg_image_animation=\u00a0\u00bbnone\u00a0\u00bb][vc_column column_padding=\u00a0\u00bbno-extra-padding\u00a0\u00bb column_padding_tablet=\u00a0\u00bbinherit\u00a0\u00bb column_padding_phone=\u00a0\u00bbinherit\u00a0\u00bb column_padding_position=\u00a0\u00bball\u00a0\u00bb column_element_direction_desktop=\u00a0\u00bbdefault\u00a0\u00bb column_element_spacing=\u00a0\u00bbdefault\u00a0\u00bb desktop_text_alignment=\u00a0\u00bbdefault\u00a0\u00bb tablet_text_alignment=\u00a0\u00bbdefault\u00a0\u00bb phone_text_alignment=\u00a0\u00bbdefault\u00a0\u00bb background_color_opacity=\u00a0\u00bb1&Prime; background_hover_color_opacity=\u00a0\u00bb1&Prime; column_backdrop_filter=\u00a0\u00bbnone\u00a0\u00bb column_shadow=\u00a0\u00bbnone\u00a0\u00bb column_border_radius=\u00a0\u00bbnone\u00a0\u00bb column_link_target=\u00a0\u00bb_self\u00a0\u00bb column_position=\u00a0\u00bbdefault\u00a0\u00bb gradient_direction=\u00a0\u00bbleft_to_right\u00a0\u00bb overlay_strength=\u00a0\u00bb0.3&Prime; width=\u00a0\u00bb1\/1&Prime; tablet_width_inherit=\u00a0\u00bbdefault\u00a0\u00bb animation_type=\u00a0\u00bbdefault\u00a0\u00bb bg_image_animation=\u00a0\u00bbnone\u00a0\u00bb border_type=\u00a0\u00bbsimple\u00a0\u00bb column_border_width=\u00a0\u00bbnone\u00a0\u00bb column_border_style=\u00a0\u00bbsolid\u00a0\u00bb]<!=========Events list Template 2.6.2=========><div id=\"ect-events-list-content\"><div id=\"list-wrp\" class=\"ect-list-wrapper all\"><div id=\"event-1524\" class=\"ect-list-post style-1 ect-simple-event future\"><div class=\"ect-list-post-left \">\n\t\t\t\t<div class=\"ect-list-img\" style=\"background-image:url(&#039;https:\/\/www.pampa-auvergne.fr\/wp-content\/uploads\/2023\/11\/Gasquet-231011-0069-13-1024x683.jpg&#039;);background-size:cover;\"><a href=\"https:\/\/www.pampa-auvergne.fr\/?tribe_events=animation-reemploi-5\" alt=\"Animation r\u00e9emploi\" rel=\"bookmark\"><div class=\"ect-list-date\"><div class=\"ect-date-area default-schedule\"><span class=\"ev-day\">05<\/span>\n\t\t\t\t\t<span class=\"ev-mo\">mai<\/span>\n\t\t\t\t\t<span class=\"ev-yr\">2026<\/span><\/div><\/div><\/a><\/div><\/div><!-- left-post close --><div class=\"ect-list-post-right\">\n\t\t\t\t<div class=\"ect-list-post-right-table\"><div class=\"ect-list-description\"><h2 class=\"ect-list-title\"><a class=\"ect-event-url\" href=\"https:\/\/www.pampa-auvergne.fr\/?tribe_events=animation-reemploi-5\" rel=\"bookmark\">Animation r\u00e9emploi<\/a><\/h2><!-- Event Content --><div class=\"ect-event-content\"><p>Comment fonctionne le r\u00e9emploi ? Comment reconnaitre un contenant r\u00e9employable ? Comment sont lav\u00e9es les bouteilles ? Quel est l'int\u00e9r\u00eat du r\u00e9emploi ? Dans le cadre du programme En Route...<\/p>\n<\/div><a href=\"https:\/\/www.pampa-auvergne.fr\/?tribe_events=animation-reemploi-5\" class=\"ect-events-read-more\" rel=\"bookmark\">En savoir plus...<\/a><\/div><div class=\"ect-list-venue default-venue\"><span class=\"ect-icon\"><i class=\"ect-icon-location\"><\/i><\/span><!-- Event Venue Info -->\n\t\t\t\t\t\t\t<span class=\"ect-venue-details ect-address\">\n\t\t\t\t\t\t\t<div>Biocoop Brivabio,<span class=\"tribe-address\">\n\n<span class=\"tribe-street-address\">19 place de la Libert\u00e9<\/span>\n\t\n\t\t<br>\n\t\t<span class=\"tribe-locality\">BRIOUDE<\/span><span class=\"tribe-delimiter\">,<\/span>\n\n\n\t<span class=\"tribe-postal-code\">43100<\/span>\n\n\t<span class=\"tribe-country-name\">France<\/span>\n\n<\/span>\n<\/div><span class=\"ect-google\"><a class=\"tribe-events-gmap\" href=\"https:\/\/maps.google.com\/maps?f=q&#038;source=s_q&#038;hl=en&#038;geocode=&#038;q=19+place+de+la+Libert%C3%A9+BRIOUDE+43100+France\" title=\"Cliquez pour voir une carte Google Map\" target=\"_blank\" rel=\"noreferrer noopener\">+ Google Map<\/a><\/span><\/span><\/div><\/div><\/div><!-- right-wrapper close --><\/div><!-- event-loop-end --><div id=\"event-1527\" class=\"ect-list-post style-1 ect-simple-event future\"><div class=\"ect-list-post-left \">\n\t\t\t\t<div class=\"ect-list-img\" style=\"background-image:url(&#039;https:\/\/www.pampa-auvergne.fr\/wp-content\/uploads\/2023\/11\/Gasquet-231011-0069-13-1024x683.jpg&#039;);background-size:cover;\"><a href=\"https:\/\/www.pampa-auvergne.fr\/?tribe_events=animation-reemploi-6\" alt=\"Animation r\u00e9emploi\" rel=\"bookmark\"><div class=\"ect-list-date\"><div class=\"ect-date-area default-schedule\"><span class=\"ev-day\">26<\/span>\n\t\t\t\t\t<span class=\"ev-mo\">mai<\/span>\n\t\t\t\t\t<span class=\"ev-yr\">2026<\/span><\/div><\/div><\/a><\/div><\/div><!-- left-post close --><div class=\"ect-list-post-right\">\n\t\t\t\t<div class=\"ect-list-post-right-table\"><div class=\"ect-list-description\"><h2 class=\"ect-list-title\"><a class=\"ect-event-url\" href=\"https:\/\/www.pampa-auvergne.fr\/?tribe_events=animation-reemploi-6\" rel=\"bookmark\">Animation r\u00e9emploi<\/a><\/h2><!-- Event Content --><div class=\"ect-event-content\"><p>Comment fonctionne le r\u00e9emploi ? Comment reconnaitre un contenant r\u00e9employable ? Comment sont lav\u00e9es les bouteilles ? Quel est l'int\u00e9r\u00eat du r\u00e9emploi ? Dans le cadre du programme En Route...<\/p>\n<\/div><a href=\"https:\/\/www.pampa-auvergne.fr\/?tribe_events=animation-reemploi-6\" class=\"ect-events-read-more\" rel=\"bookmark\">En savoir plus...<\/a><\/div><div class=\"ect-list-venue default-venue\"><span class=\"ect-icon\"><i class=\"ect-icon-location\"><\/i><\/span><!-- Event Venue Info -->\n\t\t\t\t\t\t\t<span class=\"ect-venue-details ect-address\">\n\t\t\t\t\t\t\t<div>Biocoop Le Chataignier,<span class=\"tribe-address\">\n\n<span class=\"tribe-street-address\">18 rue Victor Hugo<\/span>\n\t\n\t\t<br>\n\t\t<span class=\"tribe-locality\">AURILLAC<\/span><span class=\"tribe-delimiter\">,<\/span>\n\n\n\t<span class=\"tribe-postal-code\">15000<\/span>\n\n\n<\/span>\n<\/div><span class=\"ect-google\"><a class=\"tribe-events-gmap\" href=\"https:\/\/maps.google.com\/maps?f=q&#038;source=s_q&#038;hl=en&#038;geocode=&#038;q=18+rue+Victor+Hugo+AURILLAC+15000\" title=\"Cliquez pour voir une carte Google Map\" target=\"_blank\" rel=\"noreferrer noopener\">+ Google Map<\/a><\/span><\/span><\/div><\/div><\/div><!-- right-wrapper close --><\/div><!-- event-loop-end --><div id=\"event-1530\" class=\"ect-list-post style-1 ect-simple-event future\"><div class=\"ect-list-post-left \">\n\t\t\t\t<div class=\"ect-list-img\" style=\"background-image:url(&#039;https:\/\/www.pampa-auvergne.fr\/wp-content\/uploads\/2023\/11\/Gasquet-231011-0069-13-1024x683.jpg&#039;);background-size:cover;\"><a href=\"https:\/\/www.pampa-auvergne.fr\/?tribe_events=animation-reemploi-7\" alt=\"Animation r\u00e9emploi\" rel=\"bookmark\"><div class=\"ect-list-date\"><div class=\"ect-date-area default-schedule\"><span class=\"ev-day\">26<\/span>\n\t\t\t\t\t<span class=\"ev-mo\">mai<\/span>\n\t\t\t\t\t<span class=\"ev-yr\">2026<\/span><\/div><\/div><\/a><\/div><\/div><!-- left-post close --><div class=\"ect-list-post-right\">\n\t\t\t\t<div class=\"ect-list-post-right-table\"><div class=\"ect-list-description\"><h2 class=\"ect-list-title\"><a class=\"ect-event-url\" href=\"https:\/\/www.pampa-auvergne.fr\/?tribe_events=animation-reemploi-7\" rel=\"bookmark\">Animation r\u00e9emploi<\/a><\/h2><!-- Event Content --><div class=\"ect-event-content\"><p>Comment fonctionne le r\u00e9emploi ? Comment reconnaitre un contenant r\u00e9employable ? Comment sont lav\u00e9es les bouteilles ? Quel est l'int\u00e9r\u00eat du r\u00e9emploi ? Dans le cadre du programme En Route...<\/p>\n<\/div><a href=\"https:\/\/www.pampa-auvergne.fr\/?tribe_events=animation-reemploi-7\" class=\"ect-events-read-more\" rel=\"bookmark\">En savoir plus...<\/a><\/div><div class=\"ect-list-venue default-venue\"><span class=\"ect-icon\"><i class=\"ect-icon-location\"><\/i><\/span><!-- Event Venue Info -->\n\t\t\t\t\t\t\t<span class=\"ect-venue-details ect-address\">\n\t\t\t\t\t\t\t<div>Bio attitudes,<span class=\"tribe-address\">\n\n<span class=\"tribe-street-address\">7 zac montplain allauziers<\/span>\n\t\n\t\t<br>\n\t\t<span class=\"tribe-locality\">SAINT-FLOUR<\/span><span class=\"tribe-delimiter\">,<\/span>\n\n\n\t<span class=\"tribe-postal-code\">15100<\/span>\n\n\t<span class=\"tribe-country-name\">France<\/span>\n\n<\/span>\n<\/div><span class=\"ect-google\"><a class=\"tribe-events-gmap\" href=\"https:\/\/maps.google.com\/maps?f=q&#038;source=s_q&#038;hl=en&#038;geocode=&#038;q=7+zac+montplain+allauziers+SAINT-FLOUR+15100+France\" title=\"Cliquez pour voir une carte Google Map\" target=\"_blank\" rel=\"noreferrer noopener\">+ Google Map<\/a><\/span><\/span><\/div><\/div><\/div><!-- right-wrapper close --><\/div><!-- event-loop-end --><div id=\"event-1452\" class=\"ect-list-post style-1 ect-simple-event future\"><div class=\"ect-list-post-left \">\n\t\t\t\t<div class=\"ect-list-img\" style=\"background-image:url(&#039;https:\/\/www.pampa-auvergne.fr\/wp-content\/uploads\/2023\/11\/Gasquet-231011-0069-13-1024x683.jpg&#039;);background-size:cover;\"><a href=\"https:\/\/www.pampa-auvergne.fr\/?tribe_events=visite-du-centre-de-tri-pampa-consigne\" alt=\"Visite du centre de tri Pampa Consigne\" rel=\"bookmark\"><div class=\"ect-list-date\"><div class=\"ect-date-area default-schedule\"><span class=\"ev-day\">23<\/span>\n\t\t\t\t\t<span class=\"ev-mo\">juin<\/span>\n\t\t\t\t\t<span class=\"ev-yr\">2026<\/span><\/div><\/div><\/a><\/div><\/div><!-- left-post close --><div class=\"ect-list-post-right\">\n\t\t\t\t<div class=\"ect-list-post-right-table\"><div class=\"ect-list-description\"><h2 class=\"ect-list-title\"><a class=\"ect-event-url\" href=\"https:\/\/www.pampa-auvergne.fr\/?tribe_events=visite-du-centre-de-tri-pampa-consigne\" rel=\"bookmark\">Visite du centre de tri Pampa Consigne<\/a><\/h2><!-- Event Content --><div class=\"ect-event-content\"><p>Dans le cadre du partenariat entre la CCI et le VALTOM, nous vous proposons de d\u00e9couvrir une solution concr\u00e8te pour sortir du tout jetable. Pampa Consigne\u00a0accompagne producteurs et distributeurs dans...<\/p>\n<\/div><a href=\"https:\/\/www.pampa-auvergne.fr\/?tribe_events=visite-du-centre-de-tri-pampa-consigne\" class=\"ect-events-read-more\" rel=\"bookmark\">En savoir plus...<\/a><\/div><div class=\"ect-list-venue default-venue\"><span class=\"ect-icon\"><i class=\"ect-icon-location\"><\/i><\/span><!-- Event Venue Info -->\n\t\t\t\t\t\t\t<span class=\"ect-venue-details ect-address\">\n\t\t\t\t\t\t\t<div>Centre de tri,<span class=\"tribe-address\">\n\n<span class=\"tribe-street-address\">2 rue Charles Augustin Coulomb<\/span>\n\t\n\t\t<br>\n\t\t<span class=\"tribe-locality\">Veyre-Monton<\/span><span class=\"tribe-delimiter\">,<\/span>\n\n\n\t<span class=\"tribe-postal-code\">63455<\/span>\n\n\t<span class=\"tribe-country-name\">France<\/span>\n\n<\/span>\n<\/div><span class=\"ect-google\"><a class=\"tribe-events-gmap\" href=\"https:\/\/maps.google.com\/maps?f=q&#038;source=s_q&#038;hl=en&#038;geocode=&#038;q=2+rue+Charles+Augustin+Coulomb+Veyre-Monton+63455+France\" title=\"Cliquez pour voir une carte Google Map\" target=\"_blank\" rel=\"noreferrer noopener\">+ Google Map<\/a><\/span><\/span><\/div><\/div><\/div><!-- right-wrapper close --><\/div><!-- event-loop-end --><\/div><\/div>[\/vc_column][\/vc_row]\n","protected":false},"excerpt":{"rendered":"<p>[vc_row type=\u00a0\u00bbfull_width_background\u00a0\u00bb full_screen_row_position=\u00a0\u00bbmiddle\u00a0\u00bb column_margin=\u00a0\u00bbnone\u00a0\u00bb column_direction=\u00a0\u00bbdefault\u00a0\u00bb column_direction_tablet=\u00a0\u00bbdefault\u00a0\u00bb column_direction_phone=\u00a0\u00bbdefault\u00a0\u00bb bg_color=\u00a0\u00bb#91baa2&Prime; bg_image=\u00a0\u00bb85&Prime; bg_position=\u00a0\u00bbcustom\u00a0\u00bb bg_position_x=\u00a0\u00bb\u00a0\u00bb bg_position_y=\u00a0\u00bb40&Prime; background_image_loading=\u00a0\u00bbdefault\u00a0\u00bb bg_repeat=\u00a0\u00bbno-repeat\u00a0\u00bb scene_position=\u00a0\u00bbcenter\u00a0\u00bb text_color=\u00a0\u00bbdark\u00a0\u00bb text_align=\u00a0\u00bbleft\u00a0\u00bb row_border_radius=\u00a0\u00bbnone\u00a0\u00bb row_border_radius_applies=\u00a0\u00bbbg\u00a0\u00bb overflow=\u00a0\u00bbvisible\u00a0\u00bb overlay_strength=\u00a0\u00bb0.3&Prime; gradient_direction=\u00a0\u00bbleft_to_right\u00a0\u00bb shape_divider_position=\u00a0\u00bbbottom\u00a0\u00bb bg_image_animation=\u00a0\u00bbnone\u00a0\u00bb gradient_type=\u00a0\u00bbdefault\u00a0\u00bb shape_type=\u00a0\u00bb\u00a0\u00bb][vc_column top_padding_desktop=\u00a0\u00bb150&Prime; constrain_group_100=\u00a0\u00bbyes\u00a0\u00bb bottom_padding_desktop=\u00a0\u00bb150&Prime; column_element_direction_desktop=\u00a0\u00bbdefault\u00a0\u00bb&#8230;<\/p>\n","protected":false},"author":1,"featured_media":0,"parent":0,"menu_order":0,"comment_status":"closed","ping_status":"closed","template":"","meta":{"_monsterinsights_skip_tracking":false,"_monsterinsights_sitenote_active":false,"_monsterinsights_sitenote_note":"","_monsterinsights_sitenote_category":0,"footnotes":""},"class_list":["post-1482","page","type-page","status-publish"],"yoast_head":"<!-- This site is optimized with the Yoast SEO plugin v27.5 - https:\/\/yoast.com\/product\/yoast-seo-wordpress\/ -->\n<title>L&#039;agenda du r\u00e9emploi - Pampa Consigne<\/title>\n<meta name=\"description\" content=\"D\u00e9couvrez les \u00e9v\u00e8nements \u00e0 venir de la fili\u00e8re du r\u00e9emploi du verre. Venez nous rencontrer pour \u00e9changer et en apprendre plus sur le retour de la consigne.\" \/>\n<meta name=\"robots\" content=\"index, follow, max-snippet:-1, max-image-preview:large, max-video-preview:-1\" \/>\n<link rel=\"canonical\" href=\"https:\/\/www.pampa-auvergne.fr\/?page_id=1482\" \/>\n<meta property=\"og:locale\" content=\"fr_FR\" \/>\n<meta property=\"og:type\" content=\"article\" \/>\n<meta property=\"og:title\" content=\"L&#039;agenda du r\u00e9emploi - Pampa Consigne\" \/>\n<meta property=\"og:description\" content=\"D\u00e9couvrez les \u00e9v\u00e8nements \u00e0 venir de la fili\u00e8re du r\u00e9emploi du verre. Venez nous rencontrer pour \u00e9changer et en apprendre plus sur le retour de la consigne.\" \/>\n<meta property=\"og:url\" content=\"https:\/\/www.pampa-auvergne.fr\/?page_id=1482\" \/>\n<meta property=\"og:site_name\" content=\"Pampa Consigne\" \/>\n<meta property=\"article:publisher\" content=\"https:\/\/www.facebook.com\/pampaauvergne\" \/>\n<meta property=\"article:modified_time\" content=\"2026-04-22T09:41:45+00:00\" \/>\n<meta property=\"og:image\" content=\"https:\/\/www.pampa-auvergne.fr\/wp-content\/uploads\/2023\/11\/cropped-Capture-decran-2023-11-28-a-18.23.53.png\" \/>\n\t<meta property=\"og:image:width\" content=\"512\" \/>\n\t<meta property=\"og:image:height\" content=\"512\" \/>\n\t<meta property=\"og:image:type\" content=\"image\/png\" \/>\n<meta name=\"twitter:card\" content=\"summary_large_image\" \/>\n<meta name=\"twitter:label1\" content=\"Dur\u00e9e de lecture estim\u00e9e\" \/>\n\t<meta name=\"twitter:data1\" content=\"1 minute\" \/>\n<script type=\"application\/ld+json\" class=\"yoast-schema-graph\">{\"@context\":\"https:\\\/\\\/schema.org\",\"@graph\":[{\"@type\":\"WebPage\",\"@id\":\"https:\\\/\\\/www.pampa-auvergne.fr\\\/?page_id=1482\",\"url\":\"https:\\\/\\\/www.pampa-auvergne.fr\\\/?page_id=1482\",\"name\":\"L'agenda du r\u00e9emploi - Pampa Consigne\",\"isPartOf\":{\"@id\":\"https:\\\/\\\/www.pampa-auvergne.fr\\\/#website\"},\"datePublished\":\"2026-04-21T16:56:25+00:00\",\"dateModified\":\"2026-04-22T09:41:45+00:00\",\"description\":\"D\u00e9couvrez les \u00e9v\u00e8nements \u00e0 venir de la fili\u00e8re du r\u00e9emploi du verre. Venez nous rencontrer pour \u00e9changer et en apprendre plus sur le retour de la consigne.\",\"breadcrumb\":{\"@id\":\"https:\\\/\\\/www.pampa-auvergne.fr\\\/?page_id=1482#breadcrumb\"},\"inLanguage\":\"fr-FR\",\"potentialAction\":[{\"@type\":\"ReadAction\",\"target\":[\"https:\\\/\\\/www.pampa-auvergne.fr\\\/?page_id=1482\"]}]},{\"@type\":\"BreadcrumbList\",\"@id\":\"https:\\\/\\\/www.pampa-auvergne.fr\\\/?page_id=1482#breadcrumb\",\"itemListElement\":[{\"@type\":\"ListItem\",\"position\":1,\"name\":\"Accueil\",\"item\":\"https:\\\/\\\/www.pampa-auvergne.fr\\\/\"},{\"@type\":\"ListItem\",\"position\":2,\"name\":\"L&rsquo;agenda du r\u00e9emploi\"}]},{\"@type\":\"WebSite\",\"@id\":\"https:\\\/\\\/www.pampa-auvergne.fr\\\/#website\",\"url\":\"https:\\\/\\\/www.pampa-auvergne.fr\\\/\",\"name\":\"Pampa Consigne\",\"description\":\"POUR le retour de la consigne en Auvergne\",\"publisher\":{\"@id\":\"https:\\\/\\\/www.pampa-auvergne.fr\\\/#organization\"},\"alternateName\":\"Pampa\",\"potentialAction\":[{\"@type\":\"SearchAction\",\"target\":{\"@type\":\"EntryPoint\",\"urlTemplate\":\"https:\\\/\\\/www.pampa-auvergne.fr\\\/?s={search_term_string}\"},\"query-input\":{\"@type\":\"PropertyValueSpecification\",\"valueRequired\":true,\"valueName\":\"search_term_string\"}}],\"inLanguage\":\"fr-FR\"},{\"@type\":\"Organization\",\"@id\":\"https:\\\/\\\/www.pampa-auvergne.fr\\\/#organization\",\"name\":\"Pampa Consigne\",\"url\":\"https:\\\/\\\/www.pampa-auvergne.fr\\\/\",\"logo\":{\"@type\":\"ImageObject\",\"inLanguage\":\"fr-FR\",\"@id\":\"https:\\\/\\\/www.pampa-auvergne.fr\\\/#\\\/schema\\\/logo\\\/image\\\/\",\"url\":\"https:\\\/\\\/www.pampa-auvergne.fr\\\/wp-content\\\/uploads\\\/2023\\\/11\\\/cropped-Capture-decran-2023-11-28-a-18.23.53.png\",\"contentUrl\":\"https:\\\/\\\/www.pampa-auvergne.fr\\\/wp-content\\\/uploads\\\/2023\\\/11\\\/cropped-Capture-decran-2023-11-28-a-18.23.53.png\",\"width\":512,\"height\":512,\"caption\":\"Pampa Consigne\"},\"image\":{\"@id\":\"https:\\\/\\\/www.pampa-auvergne.fr\\\/#\\\/schema\\\/logo\\\/image\\\/\"},\"sameAs\":[\"https:\\\/\\\/www.facebook.com\\\/pampaauvergne\"]}]}<\/script>\n<!-- \/ Yoast SEO plugin. -->","yoast_head_json":{"title":"L'agenda du r\u00e9emploi - Pampa Consigne","description":"D\u00e9couvrez les \u00e9v\u00e8nements \u00e0 venir de la fili\u00e8re du r\u00e9emploi du verre. Venez nous rencontrer pour \u00e9changer et en apprendre plus sur le retour de la consigne.","robots":{"index":"index","follow":"follow","max-snippet":"max-snippet:-1","max-image-preview":"max-image-preview:large","max-video-preview":"max-video-preview:-1"},"canonical":"https:\/\/www.pampa-auvergne.fr\/?page_id=1482","og_locale":"fr_FR","og_type":"article","og_title":"L'agenda du r\u00e9emploi - Pampa Consigne","og_description":"D\u00e9couvrez les \u00e9v\u00e8nements \u00e0 venir de la fili\u00e8re du r\u00e9emploi du verre. Venez nous rencontrer pour \u00e9changer et en apprendre plus sur le retour de la consigne.","og_url":"https:\/\/www.pampa-auvergne.fr\/?page_id=1482","og_site_name":"Pampa Consigne","article_publisher":"https:\/\/www.facebook.com\/pampaauvergne","article_modified_time":"2026-04-22T09:41:45+00:00","og_image":[{"width":512,"height":512,"url":"https:\/\/www.pampa-auvergne.fr\/wp-content\/uploads\/2023\/11\/cropped-Capture-decran-2023-11-28-a-18.23.53.png","type":"image\/png"}],"twitter_card":"summary_large_image","twitter_misc":{"Dur\u00e9e de lecture estim\u00e9e":"1 minute"},"schema":{"@context":"https:\/\/schema.org","@graph":[{"@type":"WebPage","@id":"https:\/\/www.pampa-auvergne.fr\/?page_id=1482","url":"https:\/\/www.pampa-auvergne.fr\/?page_id=1482","name":"L'agenda du r\u00e9emploi - Pampa Consigne","isPartOf":{"@id":"https:\/\/www.pampa-auvergne.fr\/#website"},"datePublished":"2026-04-21T16:56:25+00:00","dateModified":"2026-04-22T09:41:45+00:00","description":"D\u00e9couvrez les \u00e9v\u00e8nements \u00e0 venir de la fili\u00e8re du r\u00e9emploi du verre. Venez nous rencontrer pour \u00e9changer et en apprendre plus sur le retour de la consigne.","breadcrumb":{"@id":"https:\/\/www.pampa-auvergne.fr\/?page_id=1482#breadcrumb"},"inLanguage":"fr-FR","potentialAction":[{"@type":"ReadAction","target":["https:\/\/www.pampa-auvergne.fr\/?page_id=1482"]}]},{"@type":"BreadcrumbList","@id":"https:\/\/www.pampa-auvergne.fr\/?page_id=1482#breadcrumb","itemListElement":[{"@type":"ListItem","position":1,"name":"Accueil","item":"https:\/\/www.pampa-auvergne.fr\/"},{"@type":"ListItem","position":2,"name":"L&rsquo;agenda du r\u00e9emploi"}]},{"@type":"WebSite","@id":"https:\/\/www.pampa-auvergne.fr\/#website","url":"https:\/\/www.pampa-auvergne.fr\/","name":"Pampa Consigne","description":"POUR le retour de la consigne en Auvergne","publisher":{"@id":"https:\/\/www.pampa-auvergne.fr\/#organization"},"alternateName":"Pampa","potentialAction":[{"@type":"SearchAction","target":{"@type":"EntryPoint","urlTemplate":"https:\/\/www.pampa-auvergne.fr\/?s={search_term_string}"},"query-input":{"@type":"PropertyValueSpecification","valueRequired":true,"valueName":"search_term_string"}}],"inLanguage":"fr-FR"},{"@type":"Organization","@id":"https:\/\/www.pampa-auvergne.fr\/#organization","name":"Pampa Consigne","url":"https:\/\/www.pampa-auvergne.fr\/","logo":{"@type":"ImageObject","inLanguage":"fr-FR","@id":"https:\/\/www.pampa-auvergne.fr\/#\/schema\/logo\/image\/","url":"https:\/\/www.pampa-auvergne.fr\/wp-content\/uploads\/2023\/11\/cropped-Capture-decran-2023-11-28-a-18.23.53.png","contentUrl":"https:\/\/www.pampa-auvergne.fr\/wp-content\/uploads\/2023\/11\/cropped-Capture-decran-2023-11-28-a-18.23.53.png","width":512,"height":512,"caption":"Pampa Consigne"},"image":{"@id":"https:\/\/www.pampa-auvergne.fr\/#\/schema\/logo\/image\/"},"sameAs":["https:\/\/www.facebook.com\/pampaauvergne"]}]}},"_links":{"self":[{"href":"https:\/\/www.pampa-auvergne.fr\/index.php?rest_route=\/wp\/v2\/pages\/1482","targetHints":{"allow":["GET"]}}],"collection":[{"href":"https:\/\/www.pampa-auvergne.fr\/index.php?rest_route=\/wp\/v2\/pages"}],"about":[{"href":"https:\/\/www.pampa-auvergne.fr\/index.php?rest_route=\/wp\/v2\/types\/page"}],"author":[{"embeddable":true,"href":"https:\/\/www.pampa-auvergne.fr\/index.php?rest_route=\/wp\/v2\/users\/1"}],"replies":[{"embeddable":true,"href":"https:\/\/www.pampa-auvergne.fr\/index.php?rest_route=%2Fwp%2Fv2%2Fcomments&post=1482"}],"version-history":[{"count":11,"href":"https:\/\/www.pampa-auvergne.fr\/index.php?rest_route=\/wp\/v2\/pages\/1482\/revisions"}],"predecessor-version":[{"id":1510,"href":"https:\/\/www.pampa-auvergne.fr\/index.php?rest_route=\/wp\/v2\/pages\/1482\/revisions\/1510"}],"wp:attachment":[{"href":"https:\/\/www.pampa-auvergne.fr\/index.php?rest_route=%2Fwp%2Fv2%2Fmedia&parent=1482"}],"curies":[{"name":"wp","href":"https:\/\/api.w.org\/{rel}","templated":true}]}}